{"id":94,"date":"2014-01-24T09:22:14","date_gmt":"2014-01-24T07:22:14","guid":{"rendered":"http:\/\/web.vu.lt\/flf\/g.judzentyte\/?page_id=94"},"modified":"2022-12-06T22:53:40","modified_gmt":"2022-12-06T20:53:40","slug":"projektai","status":"publish","type":"page","link":"http:\/\/web.vu.lt\/flf\/g.judzentyte\/moksline-veikla\/projektai\/","title":{"rendered":"Projektai"},"content":{"rendered":"<ol>\n<li><span class=\"normaltextrun\"><span lang=\"LT\">\u201e(Kalbos) varianti\u0161kumas, kaita ir standartizavimas<\/span><\/span><span class=\"eop\"><span class=\"eop\"><span lang=\"LT\">\u201c,\u00a0<\/span><\/span><\/span>2022-07-04\u20132022-12-31, VLKK finansavimas,\u00a0projekto vadov\u0117.<\/li>\n<li><span class=\"normaltextrun\"><span lang=\"LT\">27-oji Jono Jablonskio konferencija \u201e(Kalbos) varianti\u0161kumas, kaita ir standartizavimas<\/span><\/span><span class=\"eop\"><span lang=\"LT\">\u201c (<\/span><\/span><span lang=\"LT\"><span lang=\"LT\">P-MOR-22-15<span class=\"eop\">),\u00a0<\/span><\/span><\/span>2022-06-14\u20132022-12-31, LMT\u00a0finansavimas projekto vadov\u0117.<\/li>\n<li style=\"text-align: justify\">Projektas \u201eTarmini\u0173 leidini\u0173 publikavimas\u201c, 2020\u20132021, Lietuvi\u0173 kalbos institutas, VLKK finansavimas, projekto vykdytoja.<\/li>\n<li style=\"text-align: justify\">Projektas \u201eLietuvi\u0173 kalbos katedrai \u2013 80: tarptautin\u0117 mokslin\u0117 konferencija <em>Lietuvi\u0173 kalba Lietuvoje ir pasaulyje<\/em>\u201c, 2019\u20132021, Vilniaus universitetas, LMT finansavimas, projekto vadov\u0117.<\/li>\n<li style=\"text-align: justify\">Projektas \u201eMokslinis seminaras <em>Sinchroniniai ir diachroniniai lietuvi\u0173 kalbos tyrimai<\/em>\u201c, 2020\u20132021, Vilniaus universitetas,\u00a0VLKK finansavimas,\u00a0projekto vadov\u0117.<\/li>\n<li style=\"text-align: justify\">Projektas \u201eVakar\u0173 ir piet\u0173 auk\u0161tai\u010diai: tarmi\u0173 ir kit\u0173 kalb\u0173 s\u0105veikos tyrimai\u201c, 2018\u20132019, Lietuvi\u0173 kalbos institutas, VLKK finansavimas, projekto vykdytoja.<\/li>\n<li style=\"text-align: justify\">Lietuvi\u0173 bendrin\u0117s kalbos, tarmi\u0173 ir kit\u0173 kalbos atmain\u0173 funkcionavimo ir kaitos tyrim\u0173 2011\u20132020 m. programos projektas \u201eStudent\u0173 darb\u0173 frazi\u0161kumo tyrimai ir interaktyvusis frazem\u0173 s\u0105vadas\u201c, 2017\u20132019, Vilniaus universitetas, VLKK finansavimas, projekto vykdytoja.<\/li>\n<li style=\"text-align: justify\">Projektas\u00a0\u201e23-ioji tarptautin\u0117 mokslin\u0117 J. Jablonskio konferencija <em>Reik\u0161m\u0117 kalboje ir kult\u016broje<\/em>\u201c, 2016-04-01\u20132016-11-01, Vilniaus universitetas,\u00a0LMT finansavimas,\u00a0projekto vadov\u0117.<\/li>\n<li style=\"text-align: justify\">Projektas \u201eLietuvi\u0173 kalbos tarm\u0117s mokyklai\u201c, 2015-05\u20132015-12-31, Lietuvi\u0173 kalbos institutas,\u00a0 VLKK finansavimas, projekto vykdytoja.<\/li>\n<li style=\"text-align: justify\">Projektas \u201eLietuvi\u0173 kalbos tarm\u0117s mokyklai\u201c,\u00a0 2014-01\u2013201514-12-31, Lietuvi\u0173 kalbos institutas, VLKK finansavimas, projekto vykdytoja.<\/li>\n<li style=\"text-align: justify\">Projektas \u201e\u0160iuolaikiniai geolingvistikos tyrimai Lietuvoje: punkt\u0173 tinklo optimizacija ir interaktyvioji tarmin\u0117s informacijos sklaida\u201c,\u00a02012\u20132013, Lietuvi\u0173 kalbos institutas, projekto vykdytoja.<\/li>\n<li style=\"text-align: justify\">Projektas \u201eRyt\u0173 auk\u0161tai\u010di\u0173 uteni\u0161ki\u0173 ir ryt\u0173 auk\u0161tai\u010di\u0173 vilni\u0161ki\u0173 paribio tyrimas\u201c, 2011\u20132013, Vilniaus universitetas,\u00a0 VLKK finansavimas, projekto vykdytoja.<\/li>\n<\/ol>\n","protected":false},"excerpt":{"rendered":"<p>\u201e(Kalbos) varianti\u0161kumas, kaita ir standartizavimas\u201c,\u00a02022-07-04\u20132022-12-31, VLKK finansavimas,\u00a0projekto vadov\u0117. 27-oji Jono Jablonskio konferencija \u201e(Kalbos) varianti\u0161kumas, kaita ir standartizavimas\u201c (P-MOR-22-15),\u00a02022-06-14\u20132022-12-31, LMT\u00a0finansavimas projekto vadov\u0117. Projektas \u201eTarmini\u0173 leidini\u0173 publikavimas\u201c, 2020\u20132021, Lietuvi\u0173 kalbos institutas, VLKK finansavimas, projekto vykdytoja. Projektas \u201eLietuvi\u0173 kalbos katedrai \u2013 80: tarptautin\u0117 mokslin\u0117 konferencija Lietuvi\u0173 kalba Lietuvoje ir pasaulyje\u201c, 2019\u20132021, Vilniaus universitetas, LMT finansavimas, projekto vadov\u0117. Projektas [&hellip;]<\/p>\n","protected":false},"author":33,"featured_media":0,"parent":24,"menu_order":4,"comment_status":"closed","ping_status":"open","template":"","meta":[],"_links":{"self":[{"href":"http:\/\/web.vu.lt\/flf\/g.judzentyte\/wp-json\/wp\/v2\/pages\/94"}],"collection":[{"href":"http:\/\/web.vu.lt\/flf\/g.judzentyte\/wp-json\/wp\/v2\/pages"}],"about":[{"href":"http:\/\/web.vu.lt\/flf\/g.judzentyte\/wp-json\/wp\/v2\/types\/page"}],"author":[{"embeddable":true,"href":"http:\/\/web.vu.lt\/flf\/g.judzentyte\/wp-json\/wp\/v2\/users\/33"}],"replies":[{"embeddable":true,"href":"http:\/\/web.vu.lt\/flf\/g.judzentyte\/wp-json\/wp\/v2\/comments?post=94"}],"version-history":[{"count":13,"href":"http:\/\/web.vu.lt\/flf\/g.judzentyte\/wp-json\/wp\/v2\/pages\/94\/revisions"}],"predecessor-version":[{"id":678,"href":"http:\/\/web.vu.lt\/flf\/g.judzentyte\/wp-json\/wp\/v2\/pages\/94\/revisions\/678"}],"up":[{"embeddable":true,"href":"http:\/\/web.vu.lt\/flf\/g.judzentyte\/wp-json\/wp\/v2\/pages\/24"}],"wp:attachment":[{"href":"http:\/\/web.vu.lt\/flf\/g.judzentyte\/wp-json\/wp\/v2\/media?parent=94"}],"curies":[{"name":"wp","href":"https:\/\/api.w.org\/{rel}","templated":true}]}}